{"id":1548,"date":"2020-03-16T14:58:07","date_gmt":"2020-03-16T19:58:07","guid":{"rendered":"https:\/\/pembrokediocese.com\/?page_id=1548"},"modified":"2021-05-06T09:33:27","modified_gmt":"2021-05-06T13:33:27","slug":"politiques-diocesaines","status":"publish","type":"page","link":"https:\/\/pembrokediocese.com\/fr\/politiques-diocesaines\/","title":{"rendered":"Politiques dioc\u00e9saines"},"content":{"rendered":"<div id=\"pl-1548\"  class=\"panel-layout\" ><div id=\"pg-1548-0\"  class=\"panel-grid panel-no-style\" ><div id=\"pgc-1548-0-0\"  class=\"panel-grid-cell\" ><div id=\"panel-1548-0-0-0\" class=\"so-panel widget widget_posts-list-widget panel-first-child panel-last-child\" data-index=\"0\" ><div\n\t\t\t\n\t\t\tclass=\"so-widget-posts-list-widget so-widget-posts-list-widget-base\"\n\t\t\t\n\t\t><ul class=\"blog-classic-listing\">\n<li class=\"post-list-item format-image post-18818 post type-post status-publish format-standard has-post-thumbnail hentry category-bulletin category-article\">\n\t\n    \t\t\t\t                            <div class=\"post-excerpt\">\n                <span class=\"meta-data\"><i class=\"fa fa-calendar\"><\/i> avril 28, 2026 by <a href=\"https:\/\/pembrokediocese.com\/fr\/author\/donnabiggs\/\">Donna Biggs<\/a><\/span>                <h3 class=\"post-title\"><a href=\"https:\/\/pembrokediocese.com\/fr\/article\/bulletin-hebdomadaire-le-28-avril-2026-ferie\/\">BULLETIN HEBDOMADAIRE  &#8211; le 28 avril 2026 (F\u00e9rie)<\/a><\/h3>                <p>Le P\u00e8re et moi, nous sommes UN. (Jean 10, 22-30)<\/p>                <span class=\"meta-data post-cats\"><a href=\"https:\/\/pembrokediocese.com\/fr\/category\/bulletin\/\" >Bulletin hebdomadaire<\/a>| <a href=\"https:\/\/pembrokediocese.com\/fr\/category\/article\/\" >Nouvelles<\/a><\/span>                <a href=\"https:\/\/pembrokediocese.com\/fr\/article\/bulletin-hebdomadaire-le-28-avril-2026-ferie\/\" class=\"basic-link\">Lire la politique<\/a>            <\/div>\n         <\/li>\n<li class=\"post-list-item format-image post-18799 post type-post status-publish format-standard has-post-thumbnail hentry category-bulletin category-article\">\n\t\n    \t\t\t\t                            <div class=\"post-excerpt\">\n                <span class=\"meta-data\"><i class=\"fa fa-calendar\"><\/i> avril 21, 2026 by <a href=\"https:\/\/pembrokediocese.com\/fr\/author\/donnabiggs\/\">Donna Biggs<\/a><\/span>                <h3 class=\"post-title\"><a href=\"https:\/\/pembrokediocese.com\/fr\/article\/bulletin-hebdomadaire-le-21-avril-2026-ferie\/\">BULLETIN HEBDOMADAIRE  &#8211; le 21 avril 2026 (F\u00e9rie)<\/a><\/h3>                <p>Ce n&rsquo;est pas Mo\u00efse, c\u2019est mon P\u00e8re qui vous donne le vrai pain venu du ciel. (Jean 6, 30-35)<\/p>                <span class=\"meta-data post-cats\"><a href=\"https:\/\/pembrokediocese.com\/fr\/category\/bulletin\/\" >Bulletin hebdomadaire<\/a>| <a href=\"https:\/\/pembrokediocese.com\/fr\/category\/article\/\" >Nouvelles<\/a><\/span>                <a href=\"https:\/\/pembrokediocese.com\/fr\/article\/bulletin-hebdomadaire-le-21-avril-2026-ferie\/\" class=\"basic-link\">Lire la politique<\/a>            <\/div>\n         <\/li>\n<li class=\"post-list-item format-image post-18788 post type-post status-publish format-standard has-post-thumbnail hentry category-bulletin category-article\">\n\t\n    \t\t\t\t                            <div class=\"post-excerpt\">\n                <span class=\"meta-data\"><i class=\"fa fa-calendar\"><\/i> avril 14, 2026 by <a href=\"https:\/\/pembrokediocese.com\/fr\/author\/donnabiggs\/\">Donna Biggs<\/a><\/span>                <h3 class=\"post-title\"><a href=\"https:\/\/pembrokediocese.com\/fr\/article\/bulletin-hebdomadaire-le-14-avril-2026-ferie\/\">BULLETIN HEBDOMADAIRE  &#8211; le 14 avril 2026 (F\u00e9rie)<\/a><\/h3>                <p>Nul n&rsquo;est mont\u00e9 au ciel sinon celui qui est descendu du ciel, le Fils de l&rsquo;homme. (Jean 3, 7b-15)<\/p>                <span class=\"meta-data post-cats\"><a href=\"https:\/\/pembrokediocese.com\/fr\/category\/bulletin\/\" >Bulletin hebdomadaire<\/a>| <a href=\"https:\/\/pembrokediocese.com\/fr\/category\/article\/\" >Nouvelles<\/a><\/span>                <a href=\"https:\/\/pembrokediocese.com\/fr\/article\/bulletin-hebdomadaire-le-14-avril-2026-ferie\/\" class=\"basic-link\">Lire la politique<\/a>            <\/div>\n         <\/li>\n<li class=\"post-list-item format-image post-18766 post type-post status-publish format-standard has-post-thumbnail hentry category-bulletin category-article\">\n\t\n    \t\t\t\t                            <div class=\"post-excerpt\">\n                <span class=\"meta-data\"><i class=\"fa fa-calendar\"><\/i> avril 8, 2026 by <a href=\"https:\/\/pembrokediocese.com\/fr\/author\/donnabiggs\/\">Donna Biggs<\/a><\/span>                <h3 class=\"post-title\"><a href=\"https:\/\/pembrokediocese.com\/fr\/article\/bulletin-hebdomadaire-le-8-avril-2026-dans-loctave-de-paques\/\">BULLETIN HEBDOMADAIRE  &#8211; le 8 avril 2026 (Dans l&rsquo;Octave de P\u00e2ques)<\/a><\/h3>                <p>Le Seigneur s&rsquo;\u00e9tait fait reconna\u00eetre par eux \u00e0 la fraction du pain. (Luc 24, 13-35)<\/p>                <span class=\"meta-data post-cats\"><a href=\"https:\/\/pembrokediocese.com\/fr\/category\/bulletin\/\" >Bulletin hebdomadaire<\/a>| <a href=\"https:\/\/pembrokediocese.com\/fr\/category\/article\/\" >Nouvelles<\/a><\/span>                <a href=\"https:\/\/pembrokediocese.com\/fr\/article\/bulletin-hebdomadaire-le-8-avril-2026-dans-loctave-de-paques\/\" class=\"basic-link\">Lire la politique<\/a>            <\/div>\n         <\/li>\n<li class=\"post-list-item format-image post-18758 post type-post status-publish format-standard has-post-thumbnail hentry category-bulletin category-article\">\n\t\n    \t\t\t\t                            <div class=\"post-excerpt\">\n                <span class=\"meta-data\"><i class=\"fa fa-calendar\"><\/i> avril 1, 2026 by <a href=\"https:\/\/pembrokediocese.com\/fr\/author\/donnabiggs\/\">Donna Biggs<\/a><\/span>                <h3 class=\"post-title\"><a href=\"https:\/\/pembrokediocese.com\/fr\/article\/bulletin-hebdomadaire-le-1er-avril-2026-mercredi-saint\/\">BULLETIN HEBDOMADAIRE  &#8211; le 1er avril 2026 (Mercredi Saint)<\/a><\/h3>                <p>Le Fils de l&rsquo;homme s&rsquo;en va, comme il est \u00e9crit; mais, malheureux celui par qui il est livr\u00e9 ! (Matthieu 26, 14-25)<\/p>                <span class=\"meta-data post-cats\"><a href=\"https:\/\/pembrokediocese.com\/fr\/category\/bulletin\/\" >Bulletin hebdomadaire<\/a>| <a href=\"https:\/\/pembrokediocese.com\/fr\/category\/article\/\" >Nouvelles<\/a><\/span>                <a href=\"https:\/\/pembrokediocese.com\/fr\/article\/bulletin-hebdomadaire-le-1er-avril-2026-mercredi-saint\/\" class=\"basic-link\">Lire la politique<\/a>            <\/div>\n         <\/li>\n<li class=\"post-list-item format-image post-18749 post type-post status-publish format-standard has-post-thumbnail hentry category-bulletin category-article\">\n\t\n    \t\t\t\t                            <div class=\"post-excerpt\">\n                <span class=\"meta-data\"><i class=\"fa fa-calendar\"><\/i> mars 24, 2026 by <a href=\"https:\/\/pembrokediocese.com\/fr\/author\/donnabiggs\/\">Donna Biggs<\/a><\/span>                <h3 class=\"post-title\"><a href=\"https:\/\/pembrokediocese.com\/fr\/article\/bulletin-hebdomadaire-le-24-mars-2026-ferie\/\">BULLETIN HEBDOMADAIRE  &#8211; le 24 mars 2026 (F\u00e9rie)<\/a><\/h3>                <p>Quand vous aurez \u00e9lev\u00e9 le Fils de l&rsquo;homme, alors vous comprendrez que moi, JE SUIS (Jean 8, 21-30)<\/p>                <span class=\"meta-data post-cats\"><a href=\"https:\/\/pembrokediocese.com\/fr\/category\/bulletin\/\" >Bulletin hebdomadaire<\/a>| <a href=\"https:\/\/pembrokediocese.com\/fr\/category\/article\/\" >Nouvelles<\/a><\/span>                <a href=\"https:\/\/pembrokediocese.com\/fr\/article\/bulletin-hebdomadaire-le-24-mars-2026-ferie\/\" class=\"basic-link\">Lire la politique<\/a>            <\/div>\n         <\/li>\n<li class=\"post-list-item format-image post-18744 post type-post status-publish format-standard has-post-thumbnail hentry category-bulletin category-article\">\n\t\n    \t\t\t\t                            <div class=\"post-excerpt\">\n                <span class=\"meta-data\"><i class=\"fa fa-calendar\"><\/i> mars 17, 2026 by <a href=\"https:\/\/pembrokediocese.com\/fr\/author\/donnabiggs\/\">Donna Biggs<\/a><\/span>                <h3 class=\"post-title\"><a href=\"https:\/\/pembrokediocese.com\/fr\/article\/bulletin-hebdomadaire-le-17-mars-2026-ferie\/\">BULLETIN HEBDOMADAIRE  &#8211; le 17 mars 2026 (F\u00e9rie)<\/a><\/h3>                <p>Aussit\u00f4t l&rsquo;homme fut gu\u00e9ri (Jean 5, 1-16)<\/p>                <span class=\"meta-data post-cats\"><a href=\"https:\/\/pembrokediocese.com\/fr\/category\/bulletin\/\" >Bulletin hebdomadaire<\/a>| <a href=\"https:\/\/pembrokediocese.com\/fr\/category\/article\/\" >Nouvelles<\/a><\/span>                <a href=\"https:\/\/pembrokediocese.com\/fr\/article\/bulletin-hebdomadaire-le-17-mars-2026-ferie\/\" class=\"basic-link\">Lire la politique<\/a>            <\/div>\n         <\/li>\n<li class=\"post-list-item format-image post-18739 post type-post status-publish format-standard has-post-thumbnail hentry category-bulletin category-article\">\n\t\n    \t\t\t\t                            <div class=\"post-excerpt\">\n                <span class=\"meta-data\"><i class=\"fa fa-calendar\"><\/i> mars 10, 2026 by <a href=\"https:\/\/pembrokediocese.com\/fr\/author\/donnabiggs\/\">Donna Biggs<\/a><\/span>                <h3 class=\"post-title\"><a href=\"https:\/\/pembrokediocese.com\/fr\/article\/bulletin-hebdomadaire-le-10-mars-2026-ferie\/\">BULLETIN HEBDOMADAIRE  &#8211; le 10 mars 2026 (F\u00e9rie)<\/a><\/h3>                <p>C&rsquo;est ainsi que mon P\u00e8re du ciel vous traitera, si chacun de vous ne pardonne pas \u00e0 son fr\u00e8re. (Matthieu 18, 21-35)<\/p>                <span class=\"meta-data post-cats\"><a href=\"https:\/\/pembrokediocese.com\/fr\/category\/bulletin\/\" >Bulletin hebdomadaire<\/a>| <a href=\"https:\/\/pembrokediocese.com\/fr\/category\/article\/\" >Nouvelles<\/a><\/span>                <a href=\"https:\/\/pembrokediocese.com\/fr\/article\/bulletin-hebdomadaire-le-10-mars-2026-ferie\/\" class=\"basic-link\">Lire la politique<\/a>            <\/div>\n         <\/li>\n<li class=\"post-list-item format-image post-18732 post type-post status-publish format-standard hentry category-planification-pastorale\">\n\t\n    \t                    <div class=\"post-excerpt\">\n                <span class=\"meta-data\"><i class=\"fa fa-calendar\"><\/i> mars 8, 2026 by <a href=\"https:\/\/pembrokediocese.com\/fr\/author\/realouellette\/\">Fr R\u00e9al Ouellette<\/a><\/span>                <h3 class=\"post-title\"><a href=\"https:\/\/pembrokediocese.com\/fr\/planification-pastorale\/plannification-pastorale-courriel\/\">Plannification pastorale &#8211; courriel<\/a><\/h3>                <p>Voici l&rsquo;adresse courriel o\u00f9 vous pouvez envoyer vos questions sur la planification pastorale : &nbsp; planning@pembrokediocese.com &nbsp;<\/p>                <span class=\"meta-data post-cats\"><a href=\"https:\/\/pembrokediocese.com\/fr\/category\/planification-pastorale\/\" >Planification Pastorale<\/a><\/span>                <a href=\"https:\/\/pembrokediocese.com\/fr\/planification-pastorale\/plannification-pastorale-courriel\/\" class=\"basic-link\">Lire la politique<\/a>            <\/div>\n         <\/li>\n<li class=\"post-list-item format-image post-18660 post type-post status-publish format-standard has-post-thumbnail hentry category-bulletin category-article\">\n\t\n    \t\t\t\t                            <div class=\"post-excerpt\">\n                <span class=\"meta-data\"><i class=\"fa fa-calendar\"><\/i> mars 3, 2026 by <a href=\"https:\/\/pembrokediocese.com\/fr\/author\/donnabiggs\/\">Donna Biggs<\/a><\/span>                <h3 class=\"post-title\"><a href=\"https:\/\/pembrokediocese.com\/fr\/article\/bulletin-hebdomadaire-le-3-mars-2026-ferie\/\">BULLETIN HEBDOMADAIRE  &#8211; le 3 mars 2026 (F\u00e9rie)<\/a><\/h3>                <p>Ils disent et ne font pas. (Matthieu 23, 1-12)<\/p>                <span class=\"meta-data post-cats\"><a href=\"https:\/\/pembrokediocese.com\/fr\/category\/bulletin\/\" >Bulletin hebdomadaire<\/a>| <a href=\"https:\/\/pembrokediocese.com\/fr\/category\/article\/\" >Nouvelles<\/a><\/span>                <a href=\"https:\/\/pembrokediocese.com\/fr\/article\/bulletin-hebdomadaire-le-3-mars-2026-ferie\/\" class=\"basic-link\">Lire la politique<\/a>            <\/div>\n         <\/li>\n<li class=\"post-list-item format-image post-18649 post type-post status-publish format-standard has-post-thumbnail hentry category-bulletin category-article\">\n\t\n    \t\t\t\t                            <div class=\"post-excerpt\">\n                <span class=\"meta-data\"><i class=\"fa fa-calendar\"><\/i> f\u00e9vrier 24, 2026 by <a href=\"https:\/\/pembrokediocese.com\/fr\/author\/donnabiggs\/\">Donna Biggs<\/a><\/span>                <h3 class=\"post-title\"><a href=\"https:\/\/pembrokediocese.com\/fr\/article\/bulletin-hebdomadaire-le-24-fevrier-2026-ferie\/\">BULLETIN HEBDOMADAIRE  &#8211; le 24 f\u00e9vrier 2026 (F\u00e9rie)<\/a><\/h3>                <p>Vous donc, priez ainsi. (Matthieu 6, 7-15)<\/p>                <span class=\"meta-data post-cats\"><a href=\"https:\/\/pembrokediocese.com\/fr\/category\/bulletin\/\" >Bulletin hebdomadaire<\/a>| <a href=\"https:\/\/pembrokediocese.com\/fr\/category\/article\/\" >Nouvelles<\/a><\/span>                <a href=\"https:\/\/pembrokediocese.com\/fr\/article\/bulletin-hebdomadaire-le-24-fevrier-2026-ferie\/\" class=\"basic-link\">Lire la politique<\/a>            <\/div>\n         <\/li>\n<li class=\"post-list-item format-image post-18642 post type-post status-publish format-standard has-post-thumbnail hentry category-article category-planification-pastorale\">\n\t\n    \t\t\t\t                            <div class=\"post-excerpt\">\n                <span class=\"meta-data\"><i class=\"fa fa-calendar\"><\/i> f\u00e9vrier 24, 2026 by <a href=\"https:\/\/pembrokediocese.com\/fr\/author\/realouellette\/\">Fr R\u00e9al Ouellette<\/a><\/span>                <h3 class=\"post-title\"><a href=\"https:\/\/pembrokediocese.com\/fr\/article\/reunions-regionales-presentations-generales\/\">R\u00e9unions r\u00e9gionales &#8211; Pr\u00e9sentations g\u00e9n\u00e9rales<\/a><\/h3>                <p>Voici une vid\u00e9o des pr\u00e9sentations g\u00e9n\u00e9rales donn\u00e9es aux R\u00e9union r\u00e9gionales du Dioc\u00e8se de Pembroke. Veuillez noter que nous compilerons dans une autre vid\u00e9o les questions r\u00e9pondues par Mgr Brehl, tout en respectant la vie priv\u00e9e des gens qui ont pos\u00e9 des questions. Pour toutes questions au sujet de la Planification<\/p>                <span class=\"meta-data post-cats\"><a href=\"https:\/\/pembrokediocese.com\/fr\/category\/article\/\" >Nouvelles<\/a>| <a href=\"https:\/\/pembrokediocese.com\/fr\/category\/planification-pastorale\/\" >Planification Pastorale<\/a><\/span>                <a href=\"https:\/\/pembrokediocese.com\/fr\/article\/reunions-regionales-presentations-generales\/\" class=\"basic-link\">Lire la politique<\/a>            <\/div>\n         <\/li>\n<li class=\"post-list-item format-image post-18633 post type-post status-publish format-standard hentry category-article category-planification-pastorale\">\n\t\n    \t                    <div class=\"post-excerpt\">\n                <span class=\"meta-data\"><i class=\"fa fa-calendar\"><\/i> f\u00e9vrier 21, 2026 by <a href=\"https:\/\/pembrokediocese.com\/fr\/author\/realouellette\/\">Fr R\u00e9al Ouellette<\/a><\/span>                <h3 class=\"post-title\"><a href=\"https:\/\/pembrokediocese.com\/fr\/article\/video-des-reunions-regionales\/\">Vid\u00e9o des r\u00e9unions r\u00e9gionales<\/a><\/h3>                <p>Veuillez noter que c&rsquo;est mon intention de mettre en ligne d&rsquo;ici lundi soir 23 f\u00e9vrier une vid\u00e9o qui rassemble les pr\u00e9sentations faites aux r\u00e9unions r\u00e9gionales (\u00e0 date). Dans un second temps, je vais assembler les r\u00e9ponses donn\u00e9es par Mgr Brehl aux nombreuses questions des diverses r\u00e9unions. Ceci n\u00e9cessitera de l&rsquo;\u00e9dition<\/p>                <span class=\"meta-data post-cats\"><a href=\"https:\/\/pembrokediocese.com\/fr\/category\/article\/\" >Nouvelles<\/a>| <a href=\"https:\/\/pembrokediocese.com\/fr\/category\/planification-pastorale\/\" >Planification Pastorale<\/a><\/span>                <a href=\"https:\/\/pembrokediocese.com\/fr\/article\/video-des-reunions-regionales\/\" class=\"basic-link\">Lire la politique<\/a>            <\/div>\n         <\/li>\n<li class=\"post-list-item format-image post-18627 post type-post status-publish format-standard has-post-thumbnail hentry category-article category-planification-pastorale\">\n\t\n    \t\t\t\t                            <div class=\"post-excerpt\">\n                <span class=\"meta-data\"><i class=\"fa fa-calendar\"><\/i> f\u00e9vrier 21, 2026 by <a href=\"https:\/\/pembrokediocese.com\/fr\/author\/realouellette\/\">Fr R\u00e9al Ouellette<\/a><\/span>                <h3 class=\"post-title\"><a href=\"https:\/\/pembrokediocese.com\/fr\/article\/reunions-regionales-diapos-pdf\/\">R\u00e9unions r\u00e9gionales &#8211; diapos &#8211; pdf<\/a><\/h3>                <p>Cliquez ici pour t\u00e9l\u00e9charger le fichier PDF &nbsp;<\/p>                <span class=\"meta-data post-cats\"><a href=\"https:\/\/pembrokediocese.com\/fr\/category\/article\/\" >Nouvelles<\/a>| <a href=\"https:\/\/pembrokediocese.com\/fr\/category\/planification-pastorale\/\" >Planification Pastorale<\/a><\/span>                <a href=\"https:\/\/pembrokediocese.com\/fr\/article\/reunions-regionales-diapos-pdf\/\" class=\"basic-link\">Lire la politique<\/a>            <\/div>\n         <\/li>\n<li class=\"post-list-item format-image post-18618 post type-post status-publish format-standard has-post-thumbnail hentry category-article category-planification-pastorale\">\n\t\n    \t\t\t\t                            <div class=\"post-excerpt\">\n                <span class=\"meta-data\"><i class=\"fa fa-calendar\"><\/i> f\u00e9vrier 21, 2026 by <a href=\"https:\/\/pembrokediocese.com\/fr\/author\/realouellette\/\">Fr R\u00e9al Ouellette<\/a><\/span>                <h3 class=\"post-title\"><a href=\"https:\/\/pembrokediocese.com\/fr\/article\/adsumus-sancte-spiritus\/\">Adsumus, Sancte Spiritus<\/a><\/h3>                <p>Nous voici devant Toi, Esprit Saint; en Ton Nom, nous sommes r\u00e9unis. Toi notre seul conseiller, viens \u00e0 nous, demeure avec nous, daigne habiter nos c\u0153urs. Enseigne-nous vers quel but nous orienter; montre-nous comment nous devons marcher ensemble. Nous qui sommes faibles et p\u00e9cheurs, ne permets pas que nous provoquions<\/p>                <span class=\"meta-data post-cats\"><a href=\"https:\/\/pembrokediocese.com\/fr\/category\/article\/\" >Nouvelles<\/a>| <a href=\"https:\/\/pembrokediocese.com\/fr\/category\/planification-pastorale\/\" >Planification Pastorale<\/a><\/span>                <a href=\"https:\/\/pembrokediocese.com\/fr\/article\/adsumus-sancte-spiritus\/\" class=\"basic-link\">Lire la politique<\/a>            <\/div>\n         <\/li>\n<li class=\"post-list-item format-image post-18604 post type-post status-publish format-standard has-post-thumbnail hentry category-bulletin category-article\">\n\t\n    \t\t\t\t                            <div class=\"post-excerpt\">\n                <span class=\"meta-data\"><i class=\"fa fa-calendar\"><\/i> f\u00e9vrier 18, 2026 by <a href=\"https:\/\/pembrokediocese.com\/fr\/author\/donnabiggs\/\">Donna Biggs<\/a><\/span>                <h3 class=\"post-title\"><a href=\"https:\/\/pembrokediocese.com\/fr\/article\/bulletin-hebdomadaire-le-18-fevrier-2026-mercredi-des-cendres\/\">BULLETIN HEBDOMADAIRE  &#8211; le 18 f\u00e9vrier 2026 (Mercredi des Cendres)<\/a><\/h3>                <p>Ton P\u00e8re qui voit dans le secret te le rendra. (Matthieu 6, 1-6.16-18)<\/p>                <span class=\"meta-data post-cats\"><a href=\"https:\/\/pembrokediocese.com\/fr\/category\/bulletin\/\" >Bulletin hebdomadaire<\/a>| <a href=\"https:\/\/pembrokediocese.com\/fr\/category\/article\/\" >Nouvelles<\/a><\/span>                <a href=\"https:\/\/pembrokediocese.com\/fr\/article\/bulletin-hebdomadaire-le-18-fevrier-2026-mercredi-des-cendres\/\" class=\"basic-link\">Lire la politique<\/a>            <\/div>\n         <\/li>\n<li class=\"post-list-item format-image post-18575 post type-post status-publish format-standard has-post-thumbnail hentry category-article category-planification-pastorale\">\n\t\n    \t\t\t\t                            <div class=\"post-excerpt\">\n                <span class=\"meta-data\"><i class=\"fa fa-calendar\"><\/i> f\u00e9vrier 11, 2026 by <a href=\"https:\/\/pembrokediocese.com\/fr\/author\/realouellette\/\">Fr R\u00e9al Ouellette<\/a><\/span>                <h3 class=\"post-title\"><a href=\"https:\/\/pembrokediocese.com\/fr\/article\/planification-pastorale-rapport-densemble\/\">Planification pastorale &#8211; Rapport d&rsquo;ensemble<\/a><\/h3>                <p>Dioc\u00e8se de Pembroke : Rapport d&rsquo;ensemble sur les paroisses (2025) Ce rapport fournit une vue d&rsquo;ensemble compl\u00e8te de l&rsquo;\u00e9tat actuel de pr\u00e8s de 55 paroisses du dioc\u00e8se de Pembroke, tel qu&rsquo;il ressort des donn\u00e9es financi\u00e8res les plus r\u00e9centes couvrant cinq ans et des profils paroissiaux \u00e0 travers ses cinq doyenn\u00e9s<\/p>                <span class=\"meta-data post-cats\"><a href=\"https:\/\/pembrokediocese.com\/fr\/category\/article\/\" >Nouvelles<\/a>| <a href=\"https:\/\/pembrokediocese.com\/fr\/category\/planification-pastorale\/\" >Planification Pastorale<\/a><\/span>                <a href=\"https:\/\/pembrokediocese.com\/fr\/article\/planification-pastorale-rapport-densemble\/\" class=\"basic-link\">Lire la politique<\/a>            <\/div>\n         <\/li>\n<li class=\"post-list-item format-image post-18577 post type-post status-publish format-standard has-post-thumbnail hentry category-article category-planification-pastorale\">\n\t\n    \t\t\t\t                            <div class=\"post-excerpt\">\n                <span class=\"meta-data\"><i class=\"fa fa-calendar\"><\/i> f\u00e9vrier 11, 2026 by <a href=\"https:\/\/pembrokediocese.com\/fr\/author\/realouellette\/\">Fr R\u00e9al Ouellette<\/a><\/span>                <h3 class=\"post-title\"><a href=\"https:\/\/pembrokediocese.com\/fr\/article\/planification-pastorale-rapport-sommaire\/\">Planification pastorale &#8211; Rapport sommaire<\/a><\/h3>                <p>Dioc\u00e8se de Pembroke : Rapport sommaire (2025) Les 55 paroisses du dioc\u00e8se de Pembroke font face \u00e0 des crises convergentes exigeant une r\u00e9ponse strat\u00e9gique imm\u00e9diate, mais elles poss\u00e8dent \u00e9galement des forces consid\u00e9rables. Le dioc\u00e8se peut aspirer \u00e0 un renouveau plus profond, pas seulement \u00e0 survivre, mais seulement avec la guidance<\/p>                <span class=\"meta-data post-cats\"><a href=\"https:\/\/pembrokediocese.com\/fr\/category\/article\/\" >Nouvelles<\/a>| <a href=\"https:\/\/pembrokediocese.com\/fr\/category\/planification-pastorale\/\" >Planification Pastorale<\/a><\/span>                <a href=\"https:\/\/pembrokediocese.com\/fr\/article\/planification-pastorale-rapport-sommaire\/\" class=\"basic-link\">Lire la politique<\/a>            <\/div>\n         <\/li>\n<li class=\"post-list-item format-image post-18570 post type-post status-publish format-standard has-post-thumbnail hentry category-bulletin category-article\">\n\t\n    \t\t\t\t                            <div class=\"post-excerpt\">\n                <span class=\"meta-data\"><i class=\"fa fa-calendar\"><\/i> f\u00e9vrier 10, 2026 by <a href=\"https:\/\/pembrokediocese.com\/fr\/author\/donnabiggs\/\">Donna Biggs<\/a><\/span>                <h3 class=\"post-title\"><a href=\"https:\/\/pembrokediocese.com\/fr\/article\/bulletin-hebdomadaire-le-10-fevrier-2026-ste-scholastique-vierge\/\">BULLETIN HEBDOMADAIRE  &#8211; le 10 f\u00e9vrier 2026 (Ste Scholastique, Vierge)<\/a><\/h3>                <p>Vous laissez de c\u00f4t\u00e9 le commandement de Dieu, pour vous attacher \u00e0 la tradition des hommes. (Marc 7, 1-13)<\/p>                <span class=\"meta-data post-cats\"><a href=\"https:\/\/pembrokediocese.com\/fr\/category\/bulletin\/\" >Bulletin hebdomadaire<\/a>| <a href=\"https:\/\/pembrokediocese.com\/fr\/category\/article\/\" >Nouvelles<\/a><\/span>                <a href=\"https:\/\/pembrokediocese.com\/fr\/article\/bulletin-hebdomadaire-le-10-fevrier-2026-ste-scholastique-vierge\/\" class=\"basic-link\">Lire la politique<\/a>            <\/div>\n         <\/li>\n<li class=\"post-list-item format-image post-18533 post type-post status-publish format-standard has-post-thumbnail hentry category-bulletin category-article\">\n\t\n    \t\t\t\t                            <div class=\"post-excerpt\">\n                <span class=\"meta-data\"><i class=\"fa fa-calendar\"><\/i> f\u00e9vrier 3, 2026 by <a href=\"https:\/\/pembrokediocese.com\/fr\/author\/donnabiggs\/\">Donna Biggs<\/a><\/span>                <h3 class=\"post-title\"><a href=\"https:\/\/pembrokediocese.com\/fr\/article\/bulletin-hebdomadaire-le-3-fevrier-2026-ferie\/\">BULLETIN HEBDOMADAIRE  &#8211; le 3 f\u00e9vrier 2026 (F\u00e9rie)<\/a><\/h3>                <p>\u00ab\u00a0Jeune fille, l\u00e8ve-toi !\u00a0\u00bb (Marc 5, 21-43)<\/p>                <span class=\"meta-data post-cats\"><a href=\"https:\/\/pembrokediocese.com\/fr\/category\/bulletin\/\" >Bulletin hebdomadaire<\/a>| <a href=\"https:\/\/pembrokediocese.com\/fr\/category\/article\/\" >Nouvelles<\/a><\/span>                <a href=\"https:\/\/pembrokediocese.com\/fr\/article\/bulletin-hebdomadaire-le-3-fevrier-2026-ferie\/\" class=\"basic-link\">Lire la politique<\/a>            <\/div>\n         <\/li>\n<li class=\"post-list-item format-image post-18529 post type-post status-publish format-standard has-post-thumbnail hentry category-bulletin category-article\">\n\t\n    \t\t\t\t                            <div class=\"post-excerpt\">\n                <span class=\"meta-data\"><i class=\"fa fa-calendar\"><\/i> janvier 27, 2026 by <a href=\"https:\/\/pembrokediocese.com\/fr\/author\/donnabiggs\/\">Donna Biggs<\/a><\/span>                <h3 class=\"post-title\"><a href=\"https:\/\/pembrokediocese.com\/fr\/article\/bulletin-hebdomadaire-le-27-janvier-2026-ferie\/\">BULLETIN HEBDOMADAIRE  &#8211; le 27 janvier 2026 (F\u00e9rie)<\/a><\/h3>                <p>Celui qui fait la volont\u00e9 de Dieu, celui-l\u00e0 est pour moi un fr\u00e8re, une soeur, une m\u00e8re. (Marc 3, 31-35)<\/p>                <span class=\"meta-data post-cats\"><a href=\"https:\/\/pembrokediocese.com\/fr\/category\/bulletin\/\" >Bulletin hebdomadaire<\/a>| <a href=\"https:\/\/pembrokediocese.com\/fr\/category\/article\/\" >Nouvelles<\/a><\/span>                <a href=\"https:\/\/pembrokediocese.com\/fr\/article\/bulletin-hebdomadaire-le-27-janvier-2026-ferie\/\" class=\"basic-link\">Lire la politique<\/a>            <\/div>\n         <\/li>\n<li class=\"post-list-item format-image post-18520 post type-post status-publish format-standard has-post-thumbnail hentry category-message-de-leveque category-planification-pastorale\">\n\t\n    \t\t\t\t                            <div class=\"post-excerpt\">\n                <span class=\"meta-data\"><i class=\"fa fa-calendar\"><\/i> janvier 25, 2026 by <a href=\"https:\/\/pembrokediocese.com\/fr\/author\/realouellette\/\">Fr R\u00e9al Ouellette<\/a><\/span>                <h3 class=\"post-title\"><a href=\"https:\/\/pembrokediocese.com\/fr\/message-de-leveque\/lettre-de-mgr-brehl-25-janvier-2026\/\">Lettre de Mgr Brehl &#8211; 25 janvier 2026<\/a><\/h3>                <p>le 25 janvier 2026 Dimanche de la Parole de Dieu Chers fr\u00e8res et s\u0153urs dans le Christ, En ce dimanche de la Parole de Dieu, l&rsquo;\u00c9glise nous rappelle que \u00ab la parole du Christ habite parmi vous \u00bb (Col 3, 16). Lors de son audience g\u00e9n\u00e9rale du 14 janvier, le<\/p>                <span class=\"meta-data post-cats\"><a href=\"https:\/\/pembrokediocese.com\/fr\/category\/message-de-leveque\/\" >Messages de l\u2019\u00e9v\u00eaque<\/a>| <a href=\"https:\/\/pembrokediocese.com\/fr\/category\/planification-pastorale\/\" >Planification Pastorale<\/a><\/span>                <a href=\"https:\/\/pembrokediocese.com\/fr\/message-de-leveque\/lettre-de-mgr-brehl-25-janvier-2026\/\" class=\"basic-link\">Lire la politique<\/a>            <\/div>\n         <\/li>\n<li class=\"post-list-item format-image post-18420 post type-post status-publish format-standard has-post-thumbnail hentry category-bulletin category-article\">\n\t\n    \t\t\t\t                            <div class=\"post-excerpt\">\n                <span class=\"meta-data\"><i class=\"fa fa-calendar\"><\/i> janvier 20, 2026 by <a href=\"https:\/\/pembrokediocese.com\/fr\/author\/donnabiggs\/\">Donna Biggs<\/a><\/span>                <h3 class=\"post-title\"><a href=\"https:\/\/pembrokediocese.com\/fr\/article\/bulletin-hebdomadaire-le-20-janvier-2026-ferie\/\">BULLETIN HEBDOMADAIRE  &#8211; le 20 janvier 2026 (F\u00e9rie)<\/a><\/h3>                <p>Le sabbat a \u00e9t\u00e9 fait pour l&rsquo;homme, et non pas l&rsquo;homme pour le sabbat. (Marc 2, 23-28)<\/p>                <span class=\"meta-data post-cats\"><a href=\"https:\/\/pembrokediocese.com\/fr\/category\/bulletin\/\" >Bulletin hebdomadaire<\/a>| <a href=\"https:\/\/pembrokediocese.com\/fr\/category\/article\/\" >Nouvelles<\/a><\/span>                <a href=\"https:\/\/pembrokediocese.com\/fr\/article\/bulletin-hebdomadaire-le-20-janvier-2026-ferie\/\" class=\"basic-link\">Lire la politique<\/a>            <\/div>\n         <\/li>\n<li class=\"post-list-item format-image post-18229 post type-post status-publish format-standard has-post-thumbnail hentry category-bulletin category-article\">\n\t\n    \t\t\t\t                            <div class=\"post-excerpt\">\n                <span class=\"meta-data\"><i class=\"fa fa-calendar\"><\/i> janvier 13, 2026 by <a href=\"https:\/\/pembrokediocese.com\/fr\/author\/donnabiggs\/\">Donna Biggs<\/a><\/span>                <h3 class=\"post-title\"><a href=\"https:\/\/pembrokediocese.com\/fr\/article\/bulletin-hebdomadaire-le-13-janvier-2026-ferie\/\">BULLETIN HEBDOMADAIRE  &#8211; le 13 janvier 2026 (F\u00e9rie)<\/a><\/h3>                <p>Il enseignait en homme qui a autorit\u00e9. (Marc 1, 21-28)<\/p>                <span class=\"meta-data post-cats\"><a href=\"https:\/\/pembrokediocese.com\/fr\/category\/bulletin\/\" >Bulletin hebdomadaire<\/a>| <a href=\"https:\/\/pembrokediocese.com\/fr\/category\/article\/\" >Nouvelles<\/a><\/span>                <a href=\"https:\/\/pembrokediocese.com\/fr\/article\/bulletin-hebdomadaire-le-13-janvier-2026-ferie\/\" class=\"basic-link\">Lire la politique<\/a>            <\/div>\n         <\/li>\n<li class=\"post-list-item format-image post-18205 post type-post status-publish format-standard has-post-thumbnail hentry category-bulletin category-article\">\n\t\n    \t\t\t\t                            <div class=\"post-excerpt\">\n                <span class=\"meta-data\"><i class=\"fa fa-calendar\"><\/i> janvier 6, 2026 by <a href=\"https:\/\/pembrokediocese.com\/fr\/author\/donnabiggs\/\">Donna Biggs<\/a><\/span>                <h3 class=\"post-title\"><a href=\"https:\/\/pembrokediocese.com\/fr\/article\/bulletin-hebdomadaire-le-6-janvier-2026-ferie\/\">BULLETIN HEBDOMADAIRE  &#8211; le 6 janvier 2026 (F\u00e9rie)<\/a><\/h3>                <p>Multipliant les pains, J\u00e9sus se manifeste comme le Proph\u00e8te (Marc 6, 34-44)<\/p>                <span class=\"meta-data post-cats\"><a href=\"https:\/\/pembrokediocese.com\/fr\/category\/bulletin\/\" >Bulletin hebdomadaire<\/a>| <a href=\"https:\/\/pembrokediocese.com\/fr\/category\/article\/\" >Nouvelles<\/a><\/span>                <a href=\"https:\/\/pembrokediocese.com\/fr\/article\/bulletin-hebdomadaire-le-6-janvier-2026-ferie\/\" class=\"basic-link\">Lire la politique<\/a>            <\/div>\n         <\/li>\n<\/ul>\n<div class=\"spacer-20\"><\/div>\n<\/div><\/div><\/div><\/div><\/div>","protected":false},"excerpt":{"rendered":"","protected":false},"author":1,"featured_media":0,"parent":0,"menu_order":0,"comment_status":"closed","ping_status":"closed","template":"","meta":{"_monsterinsights_skip_tracking":false,"_monsterinsights_sitenote_active":false,"_monsterinsights_sitenote_note":"","_monsterinsights_sitenote_category":0,"footnotes":"","_links_to":"","_links_to_target":""},"class_list":["post-1548","page","type-page","status-publish","hentry"],"post_mailing_queue_ids":[],"_links":{"self":[{"href":"https:\/\/pembrokediocese.com\/fr\/wp-json\/wp\/v2\/pages\/1548","targetHints":{"allow":["GET"]}}],"collection":[{"href":"https:\/\/pembrokediocese.com\/fr\/wp-json\/wp\/v2\/pages"}],"about":[{"href":"https:\/\/pembrokediocese.com\/fr\/wp-json\/wp\/v2\/types\/page"}],"author":[{"embeddable":true,"href":"https:\/\/pembrokediocese.com\/fr\/wp-json\/wp\/v2\/users\/1"}],"replies":[{"embeddable":true,"href":"https:\/\/pembrokediocese.com\/fr\/wp-json\/wp\/v2\/comments?post=1548"}],"version-history":[{"count":0,"href":"https:\/\/pembrokediocese.com\/fr\/wp-json\/wp\/v2\/pages\/1548\/revisions"}],"wp:attachment":[{"href":"https:\/\/pembrokediocese.com\/fr\/wp-json\/wp\/v2\/media?parent=1548"}],"curies":[{"name":"wp","href":"https:\/\/api.w.org\/{rel}","templated":true}]}}