{"id":7285,"date":"2021-07-28T09:01:20","date_gmt":"2021-07-28T13:01:20","guid":{"rendered":"https:\/\/pembrokediocese.com\/residential-schools-truth-reconciliation\/"},"modified":"2023-02-01T15:55:25","modified_gmt":"2023-02-01T20:55:25","slug":"verite-et-reconciliation","status":"publish","type":"page","link":"https:\/\/pembrokediocese.com\/fr\/verite-et-reconciliation\/","title":{"rendered":"Ve\u0301rite\u0301 et re\u0301conciliation"},"content":{"rendered":"<div id=\"pl-7285\"  class=\"panel-layout\" ><div id=\"pg-7285-0\"  class=\"panel-grid panel-no-style\" ><div id=\"pgc-7285-0-0\"  class=\"panel-grid-cell\" ><div id=\"panel-7285-0-0-0\" class=\"so-panel widget widget_text panel-first-child panel-last-child\" data-index=\"0\" ><h3 class=\"widget-title\">Un mot de Mgr Desrochers<\/h3>\t\t\t<div class=\"textwidget\"><p>4 juin 2021<\/p>\n<p>Cette semaine, le gouvernement f\u00e9d\u00e9ral a publi\u00e9 son rapport sur les recommandations de l\u2019Enqu\u00eate sur les femmes et les filles autochtones disparues et assassin\u00e9es.\u00a0 Bien que ce rapport soit important et n\u00e9cessaire, il est \u00e9clips\u00e9 par la d\u00e9couverte r\u00e9cente que 215 enfants autochtones ont \u00e9t\u00e9 enterr\u00e9s dans des tombes non marqu\u00e9es \u00e0 l\u2019ancien Pensionnat indien de Kamloops, sur le territoire de la Premi\u00e8re Nation Tk\u2019eml\u00faps te Secw\u00e9pemc. La douleur et la perte que ressentent tous les membres des Premi\u00e8res Nations du Canada \u00e0 la suite de ces d\u00e9couvertes sont incommensurables.<\/p>\n<p>J\u2019exprime mon profond regret, ma honte et ma tristesse \u00e0 vous, tous les peuples autochtones du Canada. Aussi sinc\u00e8res et simples que soient ces mots, je comprends qu\u2019ils sonnent creux s\u2019ils ne sont pas suivis d\u2019effets appropri\u00e9s. Notre, et votre, consolation est que la v\u00e9rit\u00e9 peut mener \u00e0 la r\u00e9conciliation et \u00e0 la gu\u00e9rison. Cette v\u00e9rit\u00e9, maintenant mise en lumi\u00e8re, nous met au d\u00e9fi de chercher des moyens de r\u00e9concilier notre pass\u00e9 douloureux avec notre pr\u00e9sent, dans l\u2019espoir d\u2019un avenir meilleur \u2013 un avenir qui nous fera passer de cette p\u00e9riode de rupture \u00e0 la construction d\u2019une nouvelle fa\u00e7on de nous faire confiance en tant que dignes serviteurs du \u00ab\u00a0Grand Esprit\u00a0\u00bb qui est Dieu pour nous tous.<\/p>\n<p>Notre dioc\u00e8se se r\u00e9unira r\u00e9guli\u00e8rement et, je l\u2019esp\u00e8re, avec certains d\u2019entre vous parmi nous, pour continuer \u00e0 r\u00e9pondre aux appels \u00e0 l\u2019action que nous a lanc\u00e9s la Commission V\u00e9rit\u00e9 et R\u00e9conciliation, c\u2019est-\u00e0-dire pour trouver des moyens de gu\u00e9rir notre pass\u00e9 regrettable et votre histoire douloureuse.<\/p>\n<p>Sinc\u00e8rement v\u00f4tre,<\/p>\n<p><img loading=\"lazy\" decoding=\"async\" class=\"alignnone size-medium wp-image-3767\" src=\"https:\/\/pembrokediocese.com\/wp-content\/uploads\/Bishop-Desrochers-HandSig-300x73.png\" sizes=\"(max-width: 300px) 100vw, 300px\" srcset=\"https:\/\/pembrokediocese.com\/wp-content\/uploads\/Bishop-Desrochers-HandSig-300x73.png 300w, https:\/\/pembrokediocese.com\/wp-content\/uploads\/Bishop-Desrochers-HandSig.png 620w\" alt=\"\" width=\"300\" height=\"73\" \/><\/p>\n<p>+Guy Desrochers, c.ss.r.<br \/>\n\u00c9v\u00eaque de Pembroke<\/p>\n<\/div>\n\t\t<\/div><\/div><div id=\"pgc-7285-0-1\"  class=\"panel-grid-cell\" ><div id=\"panel-7285-0-1-0\" class=\"so-panel widget widget_posts-list-widget panel-first-child panel-last-child\" data-index=\"1\" ><div\n\t\t\t\n\t\t\tclass=\"so-widget-posts-list-widget so-widget-posts-list-widget-base\"\n\t\t\t\n\t\t><h3>\nArticles et ressources<\/h3>\n<ul class=\"blog-classic-listing\">\n\n         <li class=\"post-list-item format-image post-13909 post type-post status-publish format-standard has-post-thumbnail hentry category-verite-et-reconciliation\">\n                <div class=\"row\">\n                                            <div class=\"col-md-4\">\n\t\t\t\t\t\t\t\t<a href=\"https:\/\/pembrokediocese.com\/fr\/verite-et-reconciliation\/fonds-de-reconciliation-avec-les-autochtones-2024\/\" class=\"media-box\"><img decoding=\"async\" src=\"https:\/\/pembrokediocese.com\/wp-content\/uploads\/oliver-hihn-Fd3NFkSLkzs-unsplash-scaled-e1682296974332-958x682.jpg\" class=\"attachment-post-thumbnail size-post-thumbnail wp-post-image\" alt=\"\" srcset=\"https:\/\/pembrokediocese.com\/wp-content\/uploads\/oliver-hihn-Fd3NFkSLkzs-unsplash-scaled-e1682296974332-958x682.jpg 958w, https:\/\/pembrokediocese.com\/wp-content\/uploads\/oliver-hihn-Fd3NFkSLkzs-unsplash-scaled-e1682296974332-200x142.jpg 200w, https:\/\/pembrokediocese.com\/wp-content\/uploads\/oliver-hihn-Fd3NFkSLkzs-unsplash-scaled-e1682296974332-1024x729.jpg 1024w, https:\/\/pembrokediocese.com\/wp-content\/uploads\/oliver-hihn-Fd3NFkSLkzs-unsplash-scaled-e1682296974332-768x547.jpg 768w, https:\/\/pembrokediocese.com\/wp-content\/uploads\/oliver-hihn-Fd3NFkSLkzs-unsplash-scaled-e1682296974332-1536x1094.jpg 1536w, https:\/\/pembrokediocese.com\/wp-content\/uploads\/oliver-hihn-Fd3NFkSLkzs-unsplash-scaled-e1682296974332.jpg 1707w\" sizes=\"(max-width: 958px) 100vw, 958px\" \/><\/a>                       <\/div>\n        \t\t\t             \t\t                    <div class=\"col-md-8\">\n                                    \t\t<a href=\"https:\/\/pembrokediocese.com\/fr\/verite-et-reconciliation\/fonds-de-reconciliation-avec-les-autochtones-2024\/\"><strong class=\"post-title\">Fonds de r\u00e9conciliation avec les Autochtones\u00a0&#8211; 2024<\/strong><\/a>                        <div class=\"meta-data\">\n                    \t<span class=\"meta-data\">  by <a href=\"https:\/\/pembrokediocese.com\/fr\/author\/realouellette\/\">Fr R\u00e9al Ouellette<\/a> on f\u00e9vrier 2, 2024 in <\/span>                    \t<a href=\"https:\/\/pembrokediocese.com\/fr\/category\/verite-et-reconciliation\/\" >V\u00e9rit\u00e9 et reconciliation<\/a>                        <\/div>\n                \t\t<p>Les dioc\u00e8ses du Canada, dans leur qu\u00eate permanente de r\u00e9conciliation avec les peuples autochtones de ce qui est aujourd&rsquo;hui connu sous le nom de Canada, se sont volontairement engag\u00e9s \u00e0 verser 30 millions de dollars sur cinq ans sous forme de nouveaux fonds pour faciliter les efforts de r\u00e9conciliation. Les<\/p>                \t\t<a href=\"https:\/\/pembrokediocese.com\/fr\/verite-et-reconciliation\/fonds-de-reconciliation-avec-les-autochtones-2024\/\" class=\"basic-link\">Continue reading<i class=\"fa fa-angle-right\"><\/i><\/a>                    <\/div>\n                <\/div>\n         <\/li>\n                             \n         <li class=\"post-list-item format-image post-13529 post type-post status-publish format-standard has-post-thumbnail hentry category-article category-textes-a-lire category-verite-et-reconciliation\">\n                <div class=\"row\">\n                                            <div class=\"col-md-4\">\n\t\t\t\t\t\t\t\t<a href=\"https:\/\/pembrokediocese.com\/fr\/article\/cercle-daction-diocesain\/\" class=\"media-box\"><img decoding=\"async\" src=\"https:\/\/pembrokediocese.com\/wp-content\/uploads\/TRC-Banner-958x640.jpg\" class=\"attachment-post-thumbnail size-post-thumbnail wp-post-image\" alt=\"\" srcset=\"https:\/\/pembrokediocese.com\/wp-content\/uploads\/TRC-Banner-958x640.jpg 958w, https:\/\/pembrokediocese.com\/wp-content\/uploads\/TRC-Banner-200x134.jpg 200w, https:\/\/pembrokediocese.com\/wp-content\/uploads\/TRC-Banner-1024x684.jpg 1024w, https:\/\/pembrokediocese.com\/wp-content\/uploads\/TRC-Banner-768x513.jpg 768w, https:\/\/pembrokediocese.com\/wp-content\/uploads\/TRC-Banner-600x400.jpg 600w, https:\/\/pembrokediocese.com\/wp-content\/uploads\/TRC-Banner-272x182.jpg 272w, https:\/\/pembrokediocese.com\/wp-content\/uploads\/TRC-Banner.jpg 1200w\" sizes=\"(max-width: 958px) 100vw, 958px\" \/><\/a>                       <\/div>\n        \t\t\t             \t\t                    <div class=\"col-md-8\">\n                                    \t\t<a href=\"https:\/\/pembrokediocese.com\/fr\/article\/cercle-daction-diocesain\/\"><strong class=\"post-title\">Cercle d&rsquo;action dioc\u00e9sain &#8211; Sondage 2023<\/strong><\/a>                        <div class=\"meta-data\">\n                    \t<span class=\"meta-data\">  by <a href=\"https:\/\/pembrokediocese.com\/fr\/author\/realouellette\/\">Fr R\u00e9al Ouellette<\/a> on novembre 17, 2023 in <\/span>                    \t<a href=\"https:\/\/pembrokediocese.com\/fr\/category\/article\/\" >Nouvelles<\/a>, <a href=\"https:\/\/pembrokediocese.com\/fr\/category\/textes-a-lire\/\" >Textes \u00e0 lire<\/a>, <a href=\"https:\/\/pembrokediocese.com\/fr\/category\/verite-et-reconciliation\/\" >V\u00e9rit\u00e9 et reconciliation<\/a>                        <\/div>\n                \t\t<p>Afin de r\u00e9pondre aux besoins des paroissiens, le Cercle d&rsquo;action dioc\u00e9sain a pr\u00e9par\u00e9 un petit sondage anonyme. Vos r\u00e9ponses nous aideront \u00e0 organiser notre travail pour la r\u00e9conciliation avec les peuples autochtones, m\u00e9tis et inuit \u00e0 travers le dioc\u00e8se. Cliquez sur le lien suivant pour r\u00e9pondre au sondage: https:\/\/forms.gle\/LRfMwNTBEmgKQV7w5. Vous<\/p>                \t\t<a href=\"https:\/\/pembrokediocese.com\/fr\/article\/cercle-daction-diocesain\/\" class=\"basic-link\">Continue reading<i class=\"fa fa-angle-right\"><\/i><\/a>                    <\/div>\n                <\/div>\n         <\/li>\n                             \n         <li class=\"post-list-item format-image post-12272 post type-post status-publish format-standard has-post-thumbnail hentry category-article category-verite-et-reconciliation\">\n                <div class=\"row\">\n                                            <div class=\"col-md-4\">\n\t\t\t\t\t\t\t\t<a href=\"https:\/\/pembrokediocese.com\/fr\/article\/fonds-de-reconciliation-avec-les-autochtones\/\" class=\"media-box\"><img decoding=\"async\" src=\"https:\/\/pembrokediocese.com\/wp-content\/uploads\/oliver-hihn-Fd3NFkSLkzs-unsplash-scaled-e1682296974332-958x682.jpg\" class=\"attachment-post-thumbnail size-post-thumbnail wp-post-image\" alt=\"\" srcset=\"https:\/\/pembrokediocese.com\/wp-content\/uploads\/oliver-hihn-Fd3NFkSLkzs-unsplash-scaled-e1682296974332-958x682.jpg 958w, https:\/\/pembrokediocese.com\/wp-content\/uploads\/oliver-hihn-Fd3NFkSLkzs-unsplash-scaled-e1682296974332-200x142.jpg 200w, https:\/\/pembrokediocese.com\/wp-content\/uploads\/oliver-hihn-Fd3NFkSLkzs-unsplash-scaled-e1682296974332-1024x729.jpg 1024w, https:\/\/pembrokediocese.com\/wp-content\/uploads\/oliver-hihn-Fd3NFkSLkzs-unsplash-scaled-e1682296974332-768x547.jpg 768w, https:\/\/pembrokediocese.com\/wp-content\/uploads\/oliver-hihn-Fd3NFkSLkzs-unsplash-scaled-e1682296974332-1536x1094.jpg 1536w, https:\/\/pembrokediocese.com\/wp-content\/uploads\/oliver-hihn-Fd3NFkSLkzs-unsplash-scaled-e1682296974332.jpg 1707w\" sizes=\"(max-width: 958px) 100vw, 958px\" \/><\/a>                       <\/div>\n        \t\t\t             \t\t                    <div class=\"col-md-8\">\n                                    \t\t<a href=\"https:\/\/pembrokediocese.com\/fr\/article\/fonds-de-reconciliation-avec-les-autochtones\/\"><strong class=\"post-title\">Fonds de r\u00e9conciliation avec les Autochtones\u00a0<\/strong><\/a>                        <div class=\"meta-data\">\n                    \t<span class=\"meta-data\">  by <a href=\"https:\/\/pembrokediocese.com\/fr\/author\/administrateur\/\">Diocese Pembroke<\/a> on avril 23, 2023 in <\/span>                    \t<a href=\"https:\/\/pembrokediocese.com\/fr\/category\/article\/\" >Nouvelles<\/a>, <a href=\"https:\/\/pembrokediocese.com\/fr\/category\/verite-et-reconciliation\/\" >V\u00e9rit\u00e9 et reconciliation<\/a>                        <\/div>\n                \t\t<p>Les dioc\u00e8ses du Canada, dans leur qu\u00eate permanente de r\u00e9conciliation avec les peuples autochtones de ce qui est aujourd&rsquo;hui connu sous le nom de Canada, se sont volontairement engag\u00e9s \u00e0 verser 30 millions de dollars sur cinq ans sous forme de nouveaux fonds pour faciliter les efforts de r\u00e9conciliation. Les<\/p>                \t\t<a href=\"https:\/\/pembrokediocese.com\/fr\/article\/fonds-de-reconciliation-avec-les-autochtones\/\" class=\"basic-link\">Continue reading<i class=\"fa fa-angle-right\"><\/i><\/a>                    <\/div>\n                <\/div>\n         <\/li>\n                             \n         <li class=\"post-list-item format-image post-11807 post type-post status-publish format-standard has-post-thumbnail hentry category-cccb-fr category-article category-verite-et-reconciliation\">\n                <div class=\"row\">\n                                            <div class=\"col-md-4\">\n\t\t\t\t\t\t\t\t<a href=\"https:\/\/www.cecc.ca\/annonce\/la-cecc-invite-les-peuples-autochtones-a-continuer-de-marcher-ensemble-sur-le-chemin-de-la-verite-de-la-justice-de-la-guerison-de-la-reconciliation-et-de-lespoir\/\" class=\"media-box\"><img decoding=\"async\" src=\"https:\/\/pembrokediocese.com\/wp-content\/uploads\/CCCB-post-header.jpg\" class=\"attachment-post-thumbnail size-post-thumbnail wp-post-image\" alt=\"\" srcset=\"https:\/\/pembrokediocese.com\/wp-content\/uploads\/CCCB-post-header.jpg 600w, https:\/\/pembrokediocese.com\/wp-content\/uploads\/CCCB-post-header-300x200.jpg 300w, https:\/\/pembrokediocese.com\/wp-content\/uploads\/CCCB-post-header-272x182.jpg 272w\" sizes=\"(max-width: 600px) 100vw, 600px\" \/><\/a>                       <\/div>\n        \t\t\t             \t\t                    <div class=\"col-md-8\">\n                                    \t\t<a href=\"https:\/\/www.cecc.ca\/annonce\/la-cecc-invite-les-peuples-autochtones-a-continuer-de-marcher-ensemble-sur-le-chemin-de-la-verite-de-la-justice-de-la-guerison-de-la-reconciliation-et-de-lespoir\/\"><strong class=\"post-title\">La CECC invite les peuples autochtones \u00e0 continuer de marcher ensemble sur le chemin de la v\u00e9rit\u00e9, de la justice, de la gu\u00e9rison, de la r\u00e9conciliation et de l\u2019esp\u00e9rance<\/strong><\/a>                        <div class=\"meta-data\">\n                    \t<span class=\"meta-data\">  by <a href=\"https:\/\/pembrokediocese.com\/fr\/author\/administrateur\/\">Diocese Pembroke<\/a> on f\u00e9vrier 18, 2023 in <\/span>                    \t<a href=\"https:\/\/pembrokediocese.com\/fr\/category\/cccb-fr\/\" >CCCB<\/a>, <a href=\"https:\/\/pembrokediocese.com\/fr\/category\/article\/\" >Nouvelles<\/a>, <a href=\"https:\/\/pembrokediocese.com\/fr\/category\/verite-et-reconciliation\/\" >V\u00e9rit\u00e9 et reconciliation<\/a>                        <\/div>\n                \t\t<p><\/p>                \t\t<a href=\"https:\/\/www.cecc.ca\/annonce\/la-cecc-invite-les-peuples-autochtones-a-continuer-de-marcher-ensemble-sur-le-chemin-de-la-verite-de-la-justice-de-la-guerison-de-la-reconciliation-et-de-lespoir\/\" class=\"basic-link\">Continue reading<i class=\"fa fa-angle-right\"><\/i><\/a>                    <\/div>\n                <\/div>\n         <\/li>\n                             \n         <li class=\"post-list-item format-image post-11803 post type-post status-publish format-standard has-post-thumbnail hentry category-cccb-fr category-article category-verite-et-reconciliation\">\n                <div class=\"row\">\n                                            <div class=\"col-md-4\">\n\t\t\t\t\t\t\t\t<a href=\"https:\/\/www.cecc.ca\/peuples-autochtones\/pour-pouvoir-marcher-ensemble-serie-de-lettres-pastorals-2023\/\" class=\"media-box\"><img decoding=\"async\" src=\"https:\/\/pembrokediocese.com\/wp-content\/uploads\/CCCB-post-header.jpg\" class=\"attachment-post-thumbnail size-post-thumbnail wp-post-image\" alt=\"\" srcset=\"https:\/\/pembrokediocese.com\/wp-content\/uploads\/CCCB-post-header.jpg 600w, https:\/\/pembrokediocese.com\/wp-content\/uploads\/CCCB-post-header-300x200.jpg 300w, https:\/\/pembrokediocese.com\/wp-content\/uploads\/CCCB-post-header-272x182.jpg 272w\" sizes=\"(max-width: 600px) 100vw, 600px\" \/><\/a>                       <\/div>\n        \t\t\t             \t\t                    <div class=\"col-md-8\">\n                                    \t\t<a href=\"https:\/\/www.cecc.ca\/peuples-autochtones\/pour-pouvoir-marcher-ensemble-serie-de-lettres-pastorals-2023\/\"><strong class=\"post-title\">\u00ab\u00a0That We May Walk Together\u00a0\u00bb Series of Pastoral Letters (2023)\u00ab Pour pouvoir marcher ensemble \u00bb S\u00e9rie de lettres pastorales (2023)\u00a0\u00bbThat We May Walk Together\u00a0\u00bb Series of Pastoral Letters (2023)<\/strong><\/a>                        <div class=\"meta-data\">\n                    \t<span class=\"meta-data\">  by <a href=\"https:\/\/pembrokediocese.com\/fr\/author\/administrateur\/\">Diocese Pembroke<\/a> on f\u00e9vrier 18, 2023 in <\/span>                    \t<a href=\"https:\/\/pembrokediocese.com\/fr\/category\/cccb-fr\/\" >CCCB<\/a>, <a href=\"https:\/\/pembrokediocese.com\/fr\/category\/article\/\" >Nouvelles<\/a>, <a href=\"https:\/\/pembrokediocese.com\/fr\/category\/verite-et-reconciliation\/\" >V\u00e9rit\u00e9 et reconciliation<\/a>                        <\/div>\n                \t\t<p><\/p>                \t\t<a href=\"https:\/\/www.cecc.ca\/peuples-autochtones\/pour-pouvoir-marcher-ensemble-serie-de-lettres-pastorals-2023\/\" class=\"basic-link\">Continue reading<i class=\"fa fa-angle-right\"><\/i><\/a>                    <\/div>\n                <\/div>\n         <\/li>\n                             \n         <li class=\"post-list-item format-image post-9114 post type-post status-publish format-standard has-post-thumbnail hentry category-article category-verite-et-reconciliation\">\n                <div class=\"row\">\n                                            <div class=\"col-md-4\">\n\t\t\t\t\t\t\t\t<a href=\"https:\/\/www.cccb.ca\/fr\/media-release\/declaration-pour-le-jour-anniversaire-du-pensionnat-autochtone-de-kamloops\/\" class=\"media-box\"><img decoding=\"async\" src=\"https:\/\/pembrokediocese.com\/wp-content\/uploads\/CCCB-post-header.jpg\" class=\"attachment-post-thumbnail size-post-thumbnail wp-post-image\" alt=\"\" srcset=\"https:\/\/pembrokediocese.com\/wp-content\/uploads\/CCCB-post-header.jpg 600w, https:\/\/pembrokediocese.com\/wp-content\/uploads\/CCCB-post-header-300x200.jpg 300w, https:\/\/pembrokediocese.com\/wp-content\/uploads\/CCCB-post-header-272x182.jpg 272w\" sizes=\"(max-width: 600px) 100vw, 600px\" \/><\/a>                       <\/div>\n        \t\t\t             \t\t                    <div class=\"col-md-8\">\n                                    \t\t<a href=\"https:\/\/www.cccb.ca\/fr\/media-release\/declaration-pour-le-jour-anniversaire-du-pensionnat-autochtone-de-kamloops\/\"><strong class=\"post-title\">D\u00e9claration de la CECC \u00e0 l\u2019occasion de l\u2019anniversaire des d\u00e9couvertes au pensionnat de Kamloops<\/strong><\/a>                        <div class=\"meta-data\">\n                    \t<span class=\"meta-data\">  by <a href=\"https:\/\/pembrokediocese.com\/fr\/author\/administrateur\/\">Diocese Pembroke<\/a> on mai 24, 2022 in <\/span>                    \t<a href=\"https:\/\/pembrokediocese.com\/fr\/category\/article\/\" >Nouvelles<\/a>, <a href=\"https:\/\/pembrokediocese.com\/fr\/category\/verite-et-reconciliation\/\" >V\u00e9rit\u00e9 et reconciliation<\/a>                        <\/div>\n                \t\t<p><\/p>                \t\t<a href=\"https:\/\/www.cccb.ca\/fr\/media-release\/declaration-pour-le-jour-anniversaire-du-pensionnat-autochtone-de-kamloops\/\" class=\"basic-link\">Continue reading<i class=\"fa fa-angle-right\"><\/i><\/a>                    <\/div>\n                <\/div>\n         <\/li>\n                             \n         <li class=\"post-list-item format-image post-8204 post type-post status-publish format-standard has-post-thumbnail hentry category-cccb-fr category-article category-verite-et-reconciliation\">\n                <div class=\"row\">\n                                            <div class=\"col-md-4\">\n\t\t\t\t\t\t\t\t<a href=\"https:\/\/www.cccb.ca\/fr\/peuples-autochtones\/delegation-autochtone-17-20-decembre-2021-cite-du-vatican\/ressources-educatives\/\" class=\"media-box\"><img decoding=\"async\" src=\"https:\/\/pembrokediocese.com\/wp-content\/uploads\/CCCB-post-header.jpg\" class=\"attachment-post-thumbnail size-post-thumbnail wp-post-image\" alt=\"\" srcset=\"https:\/\/pembrokediocese.com\/wp-content\/uploads\/CCCB-post-header.jpg 600w, https:\/\/pembrokediocese.com\/wp-content\/uploads\/CCCB-post-header-300x200.jpg 300w, https:\/\/pembrokediocese.com\/wp-content\/uploads\/CCCB-post-header-272x182.jpg 272w\" sizes=\"(max-width: 600px) 100vw, 600px\" \/><\/a>                       <\/div>\n        \t\t\t             \t\t                    <div class=\"col-md-8\">\n                                    \t\t<a href=\"https:\/\/www.cccb.ca\/fr\/peuples-autochtones\/delegation-autochtone-17-20-decembre-2021-cite-du-vatican\/ressources-educatives\/\"><strong class=\"post-title\">D\u00e9l\u00e9gation autochtone : 17-20 d\u00e9cembre 2021 (Cit\u00e9 du Vatican) Ressources \u00e9ducatives<\/strong><\/a>                        <div class=\"meta-data\">\n                    \t<span class=\"meta-data\">  by <a href=\"https:\/\/pembrokediocese.com\/fr\/author\/administrateur\/\">Diocese Pembroke<\/a> on d\u00e9cembre 4, 2021 in <\/span>                    \t<a href=\"https:\/\/pembrokediocese.com\/fr\/category\/cccb-fr\/\" >CCCB<\/a>, <a href=\"https:\/\/pembrokediocese.com\/fr\/category\/article\/\" >Nouvelles<\/a>, <a href=\"https:\/\/pembrokediocese.com\/fr\/category\/verite-et-reconciliation\/\" >V\u00e9rit\u00e9 et reconciliation<\/a>                        <\/div>\n                \t\t<p><\/p>                \t\t<a href=\"https:\/\/www.cccb.ca\/fr\/peuples-autochtones\/delegation-autochtone-17-20-decembre-2021-cite-du-vatican\/ressources-educatives\/\" class=\"basic-link\">Continue reading<i class=\"fa fa-angle-right\"><\/i><\/a>                    <\/div>\n                <\/div>\n         <\/li>\n                             \n         <li class=\"post-list-item format-image post-8198 post type-post status-publish format-standard has-post-thumbnail hentry category-cccb-fr category-article category-verite-et-reconciliation\">\n                <div class=\"row\">\n                                            <div class=\"col-md-4\">\n\t\t\t\t\t\t\t\t<a href=\"https:\/\/youtu.be\/M6BazS2PEN0\" class=\"media-box\"><img decoding=\"async\" src=\"https:\/\/pembrokediocese.com\/wp-content\/uploads\/CCCB-post-header.jpg\" class=\"attachment-post-thumbnail size-post-thumbnail wp-post-image\" alt=\"\" srcset=\"https:\/\/pembrokediocese.com\/wp-content\/uploads\/CCCB-post-header.jpg 600w, https:\/\/pembrokediocese.com\/wp-content\/uploads\/CCCB-post-header-300x200.jpg 300w, https:\/\/pembrokediocese.com\/wp-content\/uploads\/CCCB-post-header-272x182.jpg 272w\" sizes=\"(max-width: 600px) 100vw, 600px\" \/><\/a>                       <\/div>\n        \t\t\t             \t\t                    <div class=\"col-md-8\">\n                                    \t\t<a href=\"https:\/\/youtu.be\/M6BazS2PEN0\"><strong class=\"post-title\">Excuses officielles par les \u00e9v\u00eaques catholiques du Canada aux peuples autochtones de ce pays<\/strong><\/a>                        <div class=\"meta-data\">\n                    \t<span class=\"meta-data\">  by <a href=\"https:\/\/pembrokediocese.com\/fr\/author\/administrateur\/\">Diocese Pembroke<\/a> on d\u00e9cembre 4, 2021 in <\/span>                    \t<a href=\"https:\/\/pembrokediocese.com\/fr\/category\/cccb-fr\/\" >CCCB<\/a>, <a href=\"https:\/\/pembrokediocese.com\/fr\/category\/article\/\" >Nouvelles<\/a>, <a href=\"https:\/\/pembrokediocese.com\/fr\/category\/verite-et-reconciliation\/\" >V\u00e9rit\u00e9 et reconciliation<\/a>                        <\/div>\n                \t\t<p><\/p>                \t\t<a href=\"https:\/\/youtu.be\/M6BazS2PEN0\" class=\"basic-link\">Continue reading<i class=\"fa fa-angle-right\"><\/i><\/a>                    <\/div>\n                <\/div>\n         <\/li>\n                             \n         <li class=\"post-list-item format-image post-8192 post type-post status-publish format-standard has-post-thumbnail hentry category-cccb-fr category-article category-verite-et-reconciliation\">\n                <div class=\"row\">\n                                            <div class=\"col-md-4\">\n\t\t\t\t\t\t\t\t<a href=\"https:\/\/bit.ly\/gu\u00e9risonetr\u00e9conciliation\" class=\"media-box\"><img decoding=\"async\" src=\"https:\/\/pembrokediocese.com\/wp-content\/uploads\/CCCB-post-header.jpg\" class=\"attachment-post-thumbnail size-post-thumbnail wp-post-image\" alt=\"\" srcset=\"https:\/\/pembrokediocese.com\/wp-content\/uploads\/CCCB-post-header.jpg 600w, https:\/\/pembrokediocese.com\/wp-content\/uploads\/CCCB-post-header-300x200.jpg 300w, https:\/\/pembrokediocese.com\/wp-content\/uploads\/CCCB-post-header-272x182.jpg 272w\" sizes=\"(max-width: 600px) 100vw, 600px\" \/><\/a>                       <\/div>\n        \t\t\t             \t\t                    <div class=\"col-md-8\">\n                                    \t\t<a href=\"https:\/\/bit.ly\/gu\u00e9risonetr\u00e9conciliation\"><strong class=\"post-title\">D\u00e9l\u00e9gation autochtone : 17-20 d\u00e9cembre 2021 (Cit\u00e9 du Vatican)<\/strong><\/a>                        <div class=\"meta-data\">\n                    \t<span class=\"meta-data\">  by <a href=\"https:\/\/pembrokediocese.com\/fr\/author\/administrateur\/\">Diocese Pembroke<\/a> on d\u00e9cembre 4, 2021 in <\/span>                    \t<a href=\"https:\/\/pembrokediocese.com\/fr\/category\/cccb-fr\/\" >CCCB<\/a>, <a href=\"https:\/\/pembrokediocese.com\/fr\/category\/article\/\" >Nouvelles<\/a>, <a href=\"https:\/\/pembrokediocese.com\/fr\/category\/verite-et-reconciliation\/\" >V\u00e9rit\u00e9 et reconciliation<\/a>                        <\/div>\n                \t\t<p><\/p>                \t\t<a href=\"https:\/\/bit.ly\/gu\u00e9risonetr\u00e9conciliation\" class=\"basic-link\">Continue reading<i class=\"fa fa-angle-right\"><\/i><\/a>                    <\/div>\n                <\/div>\n         <\/li>\n                             \n         <li class=\"post-list-item format-image post-8184 post type-post status-publish format-standard has-post-thumbnail hentry category-cccb-fr category-article category-verite-et-reconciliation\">\n                <div class=\"row\">\n                                            <div class=\"col-md-4\">\n\t\t\t\t\t\t\t\t<a href=\"https:\/\/pembrokediocese.com\/fr\/article\/journee-nationale-de-priere-en-solidarite-avec-les-peuples-autochtones-2021\/\" class=\"media-box\"><img decoding=\"async\" src=\"https:\/\/pembrokediocese.com\/wp-content\/uploads\/CCCB-post-header.jpg\" class=\"attachment-post-thumbnail size-post-thumbnail wp-post-image\" alt=\"\" srcset=\"https:\/\/pembrokediocese.com\/wp-content\/uploads\/CCCB-post-header.jpg 600w, https:\/\/pembrokediocese.com\/wp-content\/uploads\/CCCB-post-header-300x200.jpg 300w, https:\/\/pembrokediocese.com\/wp-content\/uploads\/CCCB-post-header-272x182.jpg 272w\" sizes=\"(max-width: 600px) 100vw, 600px\" \/><\/a>                       <\/div>\n        \t\t\t             \t\t                    <div class=\"col-md-8\">\n                                    \t\t<a href=\"https:\/\/pembrokediocese.com\/fr\/article\/journee-nationale-de-priere-en-solidarite-avec-les-peuples-autochtones-2021\/\"><strong class=\"post-title\">Journ\u00e9e nationale de pri\u00e8re en solidarit\u00e9 avec les peuples autochtones  2021<\/strong><\/a>                        <div class=\"meta-data\">\n                    \t<span class=\"meta-data\">  by <a href=\"https:\/\/pembrokediocese.com\/fr\/author\/administrateur\/\">Diocese Pembroke<\/a> on novembre 25, 2021 in <\/span>                    \t<a href=\"https:\/\/pembrokediocese.com\/fr\/category\/cccb-fr\/\" >CCCB<\/a>, <a href=\"https:\/\/pembrokediocese.com\/fr\/category\/article\/\" >Nouvelles<\/a>, <a href=\"https:\/\/pembrokediocese.com\/fr\/category\/verite-et-reconciliation\/\" >V\u00e9rit\u00e9 et reconciliation<\/a>                        <\/div>\n                \t\t<p>Nous sommes appel\u00e9s \u00e0 la gu\u00e9rison, au pardon, \u00e0 la r\u00e9conciliation Nous, le Corps du Christ, sommes appel\u00e9s \u00e0 vivre dans l\u2019amiti\u00e9 et l\u2019harmonie avec tous les peuples. Nous sommes fr\u00e8res et s\u0153urs de notre unique Dieu Cr\u00e9ateur. \u00c0 nous tous, Dieu donne tout. Dieu cr\u00e9e et pr\u00e9serve la merveilleuse<\/p>                \t\t<a href=\"https:\/\/pembrokediocese.com\/fr\/article\/journee-nationale-de-priere-en-solidarite-avec-les-peuples-autochtones-2021\/\" class=\"basic-link\">Continue reading<i class=\"fa fa-angle-right\"><\/i><\/a>                    <\/div>\n                <\/div>\n         <\/li>\n                             \n         <li class=\"post-list-item format-image post-7181 post type-post status-publish format-standard has-post-thumbnail hentry category-article category-verite-et-reconciliation\">\n                <div class=\"row\">\n                                            <div class=\"col-md-4\">\n\t\t\t\t\t\t\t\t<a href=\"https:\/\/pembrokediocese.com\/fr\/article\/renseignements-generaux-pour-les-catholiques-sur-les-pensionnats\/\" class=\"media-box\"><img decoding=\"async\" src=\"https:\/\/pembrokediocese.com\/wp-content\/uploads\/candles-958x639.jpeg\" class=\"attachment-post-thumbnail size-post-thumbnail wp-post-image\" alt=\"\" srcset=\"https:\/\/pembrokediocese.com\/wp-content\/uploads\/candles-958x639.jpeg 958w, https:\/\/pembrokediocese.com\/wp-content\/uploads\/candles-200x133.jpeg 200w, https:\/\/pembrokediocese.com\/wp-content\/uploads\/candles-1024x683.jpeg 1024w, https:\/\/pembrokediocese.com\/wp-content\/uploads\/candles-768x512.jpeg 768w, https:\/\/pembrokediocese.com\/wp-content\/uploads\/candles-600x400.jpeg 600w, https:\/\/pembrokediocese.com\/wp-content\/uploads\/candles-272x182.jpeg 272w, https:\/\/pembrokediocese.com\/wp-content\/uploads\/candles.jpeg 1050w\" sizes=\"(max-width: 958px) 100vw, 958px\" \/><\/a>                       <\/div>\n        \t\t\t             \t\t                    <div class=\"col-md-8\">\n                                    \t\t<a href=\"https:\/\/pembrokediocese.com\/fr\/article\/renseignements-generaux-pour-les-catholiques-sur-les-pensionnats\/\"><strong class=\"post-title\">Renseignements g\u00e9n\u00e9raux pour les catholiques sur les pensionnats (FAQ)<\/strong><\/a>                        <div class=\"meta-data\">\n                    \t<span class=\"meta-data\">  by <a href=\"https:\/\/pembrokediocese.com\/fr\/author\/administrateur\/\">Diocese Pembroke<\/a> on juillet 27, 2021 in <\/span>                    \t<a href=\"https:\/\/pembrokediocese.com\/fr\/category\/article\/\" >Nouvelles<\/a>, <a href=\"https:\/\/pembrokediocese.com\/fr\/category\/verite-et-reconciliation\/\" >V\u00e9rit\u00e9 et reconciliation<\/a>                        <\/div>\n                \t\t<p>Pr\u00e9par\u00e9 par l'archidioc\u00e8se de Toronto, juillet 2021. Au cours des derniers mois, la tragique histoire des pensionnats du Canada a fait l\u2019objet d\u2019une actualit\u00e9 nationale. Le r\u00f4le de l\u2019\u00c9glise catholique dans le syst\u00e8me des pensionnats a fait partie de cette discussion.<\/p>                \t\t<a href=\"https:\/\/pembrokediocese.com\/fr\/article\/renseignements-generaux-pour-les-catholiques-sur-les-pensionnats\/\" class=\"basic-link\">Continue reading<i class=\"fa fa-angle-right\"><\/i><\/a>                    <\/div>\n                <\/div>\n         <\/li>\n                             \n         <li class=\"post-list-item format-image post-7039 post type-post status-publish format-standard has-post-thumbnail hentry category-vatican-fr category-verite-et-reconciliation\">\n                <div class=\"row\">\n                                            <div class=\"col-md-4\">\n\t\t\t\t\t\t\t\t<a href=\"https:\/\/pembrokediocese.com\/fr\/vatican-fr\/paroles-du-pape-francois\/\" class=\"media-box\"><img decoding=\"async\" src=\"https:\/\/pembrokediocese.com\/wp-content\/uploads\/pope-francis.jpg\" class=\"attachment-post-thumbnail size-post-thumbnail wp-post-image\" alt=\"\" srcset=\"https:\/\/pembrokediocese.com\/wp-content\/uploads\/pope-francis.jpg 523w, https:\/\/pembrokediocese.com\/wp-content\/uploads\/pope-francis-200x133.jpg 200w, https:\/\/pembrokediocese.com\/wp-content\/uploads\/pope-francis-272x182.jpg 272w\" sizes=\"(max-width: 523px) 100vw, 523px\" \/><\/a>                       <\/div>\n        \t\t\t             \t\t                    <div class=\"col-md-8\">\n                                    \t\t<a href=\"https:\/\/pembrokediocese.com\/fr\/vatican-fr\/paroles-du-pape-francois\/\"><strong class=\"post-title\">Paroles du pape Fran\u00e7ois<\/strong><\/a>                        <div class=\"meta-data\">\n                    \t<span class=\"meta-data\">  by <a href=\"https:\/\/pembrokediocese.com\/fr\/author\/administrateur\/\">Diocese Pembroke<\/a> on juin 7, 2021 in <\/span>                    \t<a href=\"https:\/\/pembrokediocese.com\/fr\/category\/vatican-fr\/\" >Vatican<\/a>, <a href=\"https:\/\/pembrokediocese.com\/fr\/category\/verite-et-reconciliation\/\" >V\u00e9rit\u00e9 et reconciliation<\/a>                        <\/div>\n                \t\t<p>Je suis avec tristesse les nouvelles en provenance du Canada concernant la d\u00e9couverte choquante des restes de deux cent quinze enfants, \u00e9l\u00e8ves du Pensionnat indien de Kamloops dans la province de la Colombie-Britannique. Je me joins aux \u00e9v\u00eaques canadiens et \u00e0 toute l&rsquo;\u00c9glise catholique au Canada pour exprimer ma sympathie<\/p>                \t\t<a href=\"https:\/\/pembrokediocese.com\/fr\/vatican-fr\/paroles-du-pape-francois\/\" class=\"basic-link\">Continue reading<i class=\"fa fa-angle-right\"><\/i><\/a>                    <\/div>\n                <\/div>\n         <\/li>\n                             \n         <li class=\"post-list-item format-image post-7031 post type-post status-publish format-standard has-post-thumbnail hentry category-article category-verite-et-reconciliation\">\n                <div class=\"row\">\n                                            <div class=\"col-md-4\">\n\t\t\t\t\t\t\t\t<a href=\"https:\/\/pembrokediocese.com\/fr\/article\/declaration-de-mgr-guy-desrochers-suite-a-la-recente-decouverte-a-lancien-pensionnat-indien-de-kamloops\/\" class=\"media-box\"><img decoding=\"async\" src=\"https:\/\/pembrokediocese.com\/wp-content\/uploads\/Desrochers-with-Coat-of-Arms4x6.jpg\" class=\"attachment-post-thumbnail size-post-thumbnail wp-post-image\" alt=\"\" srcset=\"https:\/\/pembrokediocese.com\/wp-content\/uploads\/Desrochers-with-Coat-of-Arms4x6.jpg 523w, https:\/\/pembrokediocese.com\/wp-content\/uploads\/Desrochers-with-Coat-of-Arms4x6-300x200.jpg 300w, https:\/\/pembrokediocese.com\/wp-content\/uploads\/Desrochers-with-Coat-of-Arms4x6-272x182.jpg 272w\" sizes=\"(max-width: 523px) 100vw, 523px\" \/><\/a>                       <\/div>\n        \t\t\t             \t\t                    <div class=\"col-md-8\">\n                                    \t\t<a href=\"https:\/\/pembrokediocese.com\/fr\/article\/declaration-de-mgr-guy-desrochers-suite-a-la-recente-decouverte-a-lancien-pensionnat-indien-de-kamloops\/\"><strong class=\"post-title\">D\u00e9claration de Mgr Guy Desrochers Suite \u00e0 la r\u00e9cente d\u00e9couverte \u00e0 l&rsquo;ancien Pensionnat indien de Kamloops<\/strong><\/a>                        <div class=\"meta-data\">\n                    \t<span class=\"meta-data\">  by <a href=\"https:\/\/pembrokediocese.com\/fr\/author\/administrateur\/\">Diocese Pembroke<\/a> on juin 4, 2021 in <\/span>                    \t<a href=\"https:\/\/pembrokediocese.com\/fr\/category\/article\/\" >Nouvelles<\/a>, <a href=\"https:\/\/pembrokediocese.com\/fr\/category\/verite-et-reconciliation\/\" >V\u00e9rit\u00e9 et reconciliation<\/a>                        <\/div>\n                \t\t<p>Cette semaine, le gouvernement f\u00e9d\u00e9ral a publi\u00e9 son rapport sur les recommandations de l&rsquo;Enqu\u00eate sur les femmes et les filles autochtones disparues et assassin\u00e9es.\u00a0 Bien que ce rapport soit important et n\u00e9cessaire, il est \u00e9clips\u00e9 par la d\u00e9couverte r\u00e9cente que 215 enfants autochtones ont \u00e9t\u00e9 enterr\u00e9s dans des tombes non<\/p>                \t\t<a href=\"https:\/\/pembrokediocese.com\/fr\/article\/declaration-de-mgr-guy-desrochers-suite-a-la-recente-decouverte-a-lancien-pensionnat-indien-de-kamloops\/\" class=\"basic-link\">Continue reading<i class=\"fa fa-angle-right\"><\/i><\/a>                    <\/div>\n                <\/div>\n         <\/li>\n                             <\/ul>\n<div class=\"spacer-20\"><\/div>\n<\/div><\/div><\/div><\/div><\/div>","protected":false},"excerpt":{"rendered":"<p>Un mot de Mgr Desrochers 4 juin 2021 Cette semaine, le gouvernement f\u00e9d\u00e9ral a publi\u00e9 son rapport sur les recommandations de l\u2019Enqu\u00eate sur les femmes et les filles autochtones disparues et assassin\u00e9es.\u00a0 Bien que ce rapport soit important et n\u00e9cessaire, il est \u00e9clips\u00e9 par la d\u00e9couverte r\u00e9cente que 215 enfants autochtones ont \u00e9t\u00e9 enterr\u00e9s dans des tombes non marqu\u00e9es \u00e0 l\u2019ancien Pensionnat indien de Kamloops, sur le territoire de la Premi\u00e8re Nation Tk\u2019eml\u00faps te Secw\u00e9pemc. La douleur et la perte que ressentent tous les membres des Premi\u00e8res Nations du Canada \u00e0 la suite de ces d\u00e9couvertes sont incommensurables. J\u2019exprime mon profond regret, ma honte et ma tristesse \u00e0 vous, tous les peuples autochtones du Canada. Aussi sinc\u00e8res et simples que soient ces mots, je comprends qu\u2019ils sonnent creux s\u2019ils ne sont pas suivis d\u2019effets appropri\u00e9s. Notre, et votre, consolation est que la v\u00e9rit\u00e9 peut mener \u00e0 la r\u00e9conciliation et \u00e0 la gu\u00e9rison. Cette v\u00e9rit\u00e9, maintenant mise en lumi\u00e8re, nous met au d\u00e9fi de chercher des moyens de r\u00e9concilier notre pass\u00e9 douloureux avec notre pr\u00e9sent, dans l\u2019espoir d\u2019un avenir meilleur \u2013 un avenir qui nous fera passer de cette p\u00e9riode de rupture \u00e0 la construction d\u2019une nouvelle fa\u00e7on de nous faire confiance en tant que dignes serviteurs du \u00ab\u00a0Grand Esprit\u00a0\u00bb qui est Dieu pour nous tous. Notre dioc\u00e8se se r\u00e9unira r\u00e9guli\u00e8rement et, je l\u2019esp\u00e8re, avec certains d\u2019entre vous parmi nous, pour continuer \u00e0 r\u00e9pondre aux appels \u00e0 l\u2019action que nous a lanc\u00e9s la Commission V\u00e9rit\u00e9 et R\u00e9conciliation, c\u2019est-\u00e0-dire pour trouver des moyens de gu\u00e9rir notre pass\u00e9 regrettable et votre histoire douloureuse. Sinc\u00e8rement v\u00f4tre, +Guy Desrochers, c.ss.r. \u00c9v\u00eaque de Pembroke<\/p>\n","protected":false},"author":1,"featured_media":0,"parent":0,"menu_order":0,"comment_status":"closed","ping_status":"closed","template":"","meta":{"_monsterinsights_skip_tracking":false,"_monsterinsights_sitenote_active":false,"_monsterinsights_sitenote_note":"","_monsterinsights_sitenote_category":0,"footnotes":"","_links_to":"","_links_to_target":""},"class_list":["post-7285","page","type-page","status-publish","hentry"],"post_mailing_queue_ids":[],"_links":{"self":[{"href":"https:\/\/pembrokediocese.com\/fr\/wp-json\/wp\/v2\/pages\/7285","targetHints":{"allow":["GET"]}}],"collection":[{"href":"https:\/\/pembrokediocese.com\/fr\/wp-json\/wp\/v2\/pages"}],"about":[{"href":"https:\/\/pembrokediocese.com\/fr\/wp-json\/wp\/v2\/types\/page"}],"author":[{"embeddable":true,"href":"https:\/\/pembrokediocese.com\/fr\/wp-json\/wp\/v2\/users\/1"}],"replies":[{"embeddable":true,"href":"https:\/\/pembrokediocese.com\/fr\/wp-json\/wp\/v2\/comments?post=7285"}],"version-history":[{"count":4,"href":"https:\/\/pembrokediocese.com\/fr\/wp-json\/wp\/v2\/pages\/7285\/revisions"}],"predecessor-version":[{"id":11606,"href":"https:\/\/pembrokediocese.com\/fr\/wp-json\/wp\/v2\/pages\/7285\/revisions\/11606"}],"wp:attachment":[{"href":"https:\/\/pembrokediocese.com\/fr\/wp-json\/wp\/v2\/media?parent=7285"}],"curies":[{"name":"wp","href":"https:\/\/api.w.org\/{rel}","templated":true}]}}